{"id":20072,"date":"2018-10-25T12:38:24","date_gmt":"2018-10-25T10:38:24","guid":{"rendered":"https:\/\/www.subaru.es\/blog\/wp-content\/uploads\/2018\/10\/PANO_20180922_094026-1.jpg"},"modified":"2018-10-25T12:38:38","modified_gmt":"2018-10-25T10:38:38","slug":"pano_20180922_094026-2","status":"inherit","type":"attachment","link":"https:\/\/www.subaru.es\/blog\/nuestra-marca\/kdd-subarista-pamplona-subaru\/attachment\/pano_20180922_094026-2\/","title":{"rendered":"Subaru Pamplona"},"author":21,"featured_media":0,"comment_status":"open","ping_status":"closed","template":"","meta":{"_acf_changed":false,"_eb_attr":"","inline_featured_image":false},"class_list":["post-20072","attachment","type-attachment","status-inherit","hentry"],"acf":[],"yoast_head":"<!-- This site is optimized with the Yoast SEO plugin v27.3 - https:\/\/yoast.com\/product\/yoast-seo-wordpress\/ -->\n<title>Subaru Pamplona - Universo Subaru<\/title>\n<meta name=\"robots\" content=\"index, follow, max-snippet:-1, max-image-preview:large, max-video-preview:-1\" \/>\n<link rel=\"canonical\" href=\"https:\/\/www.subaru.es\/blog\/wp-content\/uploads\/2018\/10\/PANO_20180922_094026-1.jpg\" \/>\n<meta property=\"og:locale\" content=\"es_ES\" \/>\n<meta property=\"og:type\" content=\"article\" \/>\n<meta property=\"og:title\" content=\"Subaru Pamplona - Universo Subaru\" \/>\n<meta property=\"og:url\" content=\"https:\/\/www.subaru.es\/blog\/wp-content\/uploads\/2018\/10\/PANO_20180922_094026-1.jpg\" \/>\n<meta property=\"og:site_name\" content=\"Universo Subaru\" \/>\n<meta property=\"article:publisher\" content=\"https:\/\/www.facebook.com\/subaruespana\" \/>\n<meta property=\"article:modified_time\" content=\"2018-10-25T10:38:38+00:00\" \/>\n<meta property=\"og:image\" content=\"https:\/\/www.subaru.es\/blog\/wp-content\/uploads\/2018\/10\/PANO_20180922_094026-1-1440x418.jpg\" \/>\n\t<meta property=\"og:image:width\" content=\"1440\" \/>\n\t<meta property=\"og:image:height\" content=\"418\" \/>\n\t<meta property=\"og:image:type\" content=\"image\/jpeg\" \/>\n<meta name=\"twitter:card\" content=\"summary_large_image\" \/>\n<script type=\"application\/ld+json\" class=\"yoast-schema-graph\">{\"@context\":\"https:\\\/\\\/schema.org\",\"@graph\":[{\"@type\":\"WebPage\",\"@id\":\"https:\\\/\\\/www.subaru.es\\\/blog\\\/wp-content\\\/uploads\\\/2018\\\/10\\\/PANO_20180922_094026-1.jpg\",\"url\":\"https:\\\/\\\/www.subaru.es\\\/blog\\\/wp-content\\\/uploads\\\/2018\\\/10\\\/PANO_20180922_094026-1.jpg\",\"name\":\"Subaru Pamplona - Universo Subaru\",\"isPartOf\":{\"@id\":\"https:\\\/\\\/www.subaru.es\\\/blog\\\/#website\"},\"datePublished\":\"2018-10-25T10:38:24+00:00\",\"dateModified\":\"2018-10-25T10:38:38+00:00\",\"breadcrumb\":{\"@id\":\"https:\\\/\\\/www.subaru.es\\\/blog\\\/wp-content\\\/uploads\\\/2018\\\/10\\\/PANO_20180922_094026-1.jpg#breadcrumb\"},\"inLanguage\":\"es\",\"potentialAction\":[{\"@type\":\"ReadAction\",\"target\":[\"https:\\\/\\\/www.subaru.es\\\/blog\\\/wp-content\\\/uploads\\\/2018\\\/10\\\/PANO_20180922_094026-1.jpg\"]}]},{\"@type\":\"BreadcrumbList\",\"@id\":\"https:\\\/\\\/www.subaru.es\\\/blog\\\/wp-content\\\/uploads\\\/2018\\\/10\\\/PANO_20180922_094026-1.jpg#breadcrumb\",\"itemListElement\":[{\"@type\":\"ListItem\",\"position\":1,\"name\":\"Portada\",\"item\":\"https:\\\/\\\/www.subaru.es\\\/blog\\\/\"},{\"@type\":\"ListItem\",\"position\":2,\"name\":\"\u00a1Viva la KDD Subarista Ciudad de Pamplona! \u00a1Viva!\",\"item\":\"https:\\\/\\\/www.subaru.es\\\/blog\\\/nuestra-marca\\\/kdd-subarista-pamplona-subaru\\\/\"},{\"@type\":\"ListItem\",\"position\":3,\"name\":\"Subaru Pamplona\"}]},{\"@type\":\"WebSite\",\"@id\":\"https:\\\/\\\/www.subaru.es\\\/blog\\\/#website\",\"url\":\"https:\\\/\\\/www.subaru.es\\\/blog\\\/\",\"name\":\"Universo Subaru\",\"description\":\"Descubre este apasionante espacio de Subaru donde vas a conocer todo sobre nuestros coches y las experiencias que vivimos con ellos. Si est\u00e1s preparado para dejarte seducir por la filosof\u00eda Subaru, qu\u00e9date con nosotros.\",\"publisher\":{\"@id\":\"https:\\\/\\\/www.subaru.es\\\/blog\\\/#organization\"},\"potentialAction\":[{\"@type\":\"SearchAction\",\"target\":{\"@type\":\"EntryPoint\",\"urlTemplate\":\"https:\\\/\\\/www.subaru.es\\\/blog\\\/?s={search_term_string}\"},\"query-input\":{\"@type\":\"PropertyValueSpecification\",\"valueRequired\":true,\"valueName\":\"search_term_string\"}}],\"inLanguage\":\"es\"},{\"@type\":\"Organization\",\"@id\":\"https:\\\/\\\/www.subaru.es\\\/blog\\\/#organization\",\"name\":\"Subaru Espa\u00f1a S.A.\",\"url\":\"https:\\\/\\\/www.subaru.es\\\/blog\\\/\",\"logo\":{\"@type\":\"ImageObject\",\"inLanguage\":\"es\",\"@id\":\"https:\\\/\\\/www.subaru.es\\\/blog\\\/#\\\/schema\\\/logo\\\/image\\\/\",\"url\":\"https:\\\/\\\/www.subaru.es\\\/blog\\\/wp-content\\\/uploads\\\/2016\\\/12\\\/Logo-Subaru-TypeV_C300-scaled.jpg\",\"contentUrl\":\"https:\\\/\\\/www.subaru.es\\\/blog\\\/wp-content\\\/uploads\\\/2016\\\/12\\\/Logo-Subaru-TypeV_C300-scaled.jpg\",\"width\":2560,\"height\":1864,\"caption\":\"Subaru Espa\u00f1a S.A.\"},\"image\":{\"@id\":\"https:\\\/\\\/www.subaru.es\\\/blog\\\/#\\\/schema\\\/logo\\\/image\\\/\"},\"sameAs\":[\"https:\\\/\\\/www.facebook.com\\\/subaruespana\",\"https:\\\/\\\/www.instagram.com\\\/subarues\\\/\",\"https:\\\/\\\/www.youtube.com\\\/user\\\/subaruespana\"]}]}<\/script>\n<!-- \/ Yoast SEO plugin. -->","yoast_head_json":{"title":"Subaru Pamplona - Universo Subaru","robots":{"index":"index","follow":"follow","max-snippet":"max-snippet:-1","max-image-preview":"max-image-preview:large","max-video-preview":"max-video-preview:-1"},"canonical":"https:\/\/www.subaru.es\/blog\/wp-content\/uploads\/2018\/10\/PANO_20180922_094026-1.jpg","og_locale":"es_ES","og_type":"article","og_title":"Subaru Pamplona - Universo Subaru","og_url":"https:\/\/www.subaru.es\/blog\/wp-content\/uploads\/2018\/10\/PANO_20180922_094026-1.jpg","og_site_name":"Universo Subaru","article_publisher":"https:\/\/www.facebook.com\/subaruespana","article_modified_time":"2018-10-25T10:38:38+00:00","og_image":[{"width":1440,"height":418,"url":"https:\/\/www.subaru.es\/blog\/wp-content\/uploads\/2018\/10\/PANO_20180922_094026-1-1440x418.jpg","type":"image\/jpeg"}],"twitter_card":"summary_large_image","schema":{"@context":"https:\/\/schema.org","@graph":[{"@type":"WebPage","@id":"https:\/\/www.subaru.es\/blog\/wp-content\/uploads\/2018\/10\/PANO_20180922_094026-1.jpg","url":"https:\/\/www.subaru.es\/blog\/wp-content\/uploads\/2018\/10\/PANO_20180922_094026-1.jpg","name":"Subaru Pamplona - Universo Subaru","isPartOf":{"@id":"https:\/\/www.subaru.es\/blog\/#website"},"datePublished":"2018-10-25T10:38:24+00:00","dateModified":"2018-10-25T10:38:38+00:00","breadcrumb":{"@id":"https:\/\/www.subaru.es\/blog\/wp-content\/uploads\/2018\/10\/PANO_20180922_094026-1.jpg#breadcrumb"},"inLanguage":"es","potentialAction":[{"@type":"ReadAction","target":["https:\/\/www.subaru.es\/blog\/wp-content\/uploads\/2018\/10\/PANO_20180922_094026-1.jpg"]}]},{"@type":"BreadcrumbList","@id":"https:\/\/www.subaru.es\/blog\/wp-content\/uploads\/2018\/10\/PANO_20180922_094026-1.jpg#breadcrumb","itemListElement":[{"@type":"ListItem","position":1,"name":"Portada","item":"https:\/\/www.subaru.es\/blog\/"},{"@type":"ListItem","position":2,"name":"\u00a1Viva la KDD Subarista Ciudad de Pamplona! \u00a1Viva!","item":"https:\/\/www.subaru.es\/blog\/nuestra-marca\/kdd-subarista-pamplona-subaru\/"},{"@type":"ListItem","position":3,"name":"Subaru Pamplona"}]},{"@type":"WebSite","@id":"https:\/\/www.subaru.es\/blog\/#website","url":"https:\/\/www.subaru.es\/blog\/","name":"Universo Subaru","description":"Descubre este apasionante espacio de Subaru donde vas a conocer todo sobre nuestros coches y las experiencias que vivimos con ellos. Si est\u00e1s preparado para dejarte seducir por la filosof\u00eda Subaru, qu\u00e9date con nosotros.","publisher":{"@id":"https:\/\/www.subaru.es\/blog\/#organization"},"potentialAction":[{"@type":"SearchAction","target":{"@type":"EntryPoint","urlTemplate":"https:\/\/www.subaru.es\/blog\/?s={search_term_string}"},"query-input":{"@type":"PropertyValueSpecification","valueRequired":true,"valueName":"search_term_string"}}],"inLanguage":"es"},{"@type":"Organization","@id":"https:\/\/www.subaru.es\/blog\/#organization","name":"Subaru Espa\u00f1a S.A.","url":"https:\/\/www.subaru.es\/blog\/","logo":{"@type":"ImageObject","inLanguage":"es","@id":"https:\/\/www.subaru.es\/blog\/#\/schema\/logo\/image\/","url":"https:\/\/www.subaru.es\/blog\/wp-content\/uploads\/2016\/12\/Logo-Subaru-TypeV_C300-scaled.jpg","contentUrl":"https:\/\/www.subaru.es\/blog\/wp-content\/uploads\/2016\/12\/Logo-Subaru-TypeV_C300-scaled.jpg","width":2560,"height":1864,"caption":"Subaru Espa\u00f1a S.A."},"image":{"@id":"https:\/\/www.subaru.es\/blog\/#\/schema\/logo\/image\/"},"sameAs":["https:\/\/www.facebook.com\/subaruespana","https:\/\/www.instagram.com\/subarues\/","https:\/\/www.youtube.com\/user\/subaruespana"]}]}},"smush":{"stats":{"time":7.45,"bytes":8106429,"percent":44.67,"size_before":18148357,"size_after":10041928,"lossy":1,"keep_exif":0,"api_version":"1.0"},"sizes":{"thumbnail":{"time":0.02,"bytes":567,"percent":5.2,"size_before":10906,"size_after":10339},"medium":{"time":0.02,"bytes":1437,"percent":5.43,"size_before":26478,"size_after":25041},"medium_large":{"time":0.08,"bytes":2356,"percent":4.95,"size_before":47585,"size_after":45229},"large":{"time":0.1,"bytes":9208,"percent":5.64,"size_before":163406,"size_after":154198},"1536x1536":{"time":0.11,"bytes":10252,"percent":5.56,"size_before":184336,"size_after":174084},"2048x2048":{"time":0.26,"bytes":18953,"percent":5.81,"size_before":326426,"size_after":307473},"wp_scaled":{"time":0.33,"bytes":29555,"percent":5.84,"size_before":506167,"size_after":476612},"full":{"time":6.53,"bytes":8034101,"percent":47.59,"size_before":16883053,"size_after":8848952}}},"description":{"rendered":"<p class=\"attachment\"><a href='https:\/\/www.subaru.es\/blog\/wp-content\/uploads\/2018\/10\/PANO_20180922_094026-1-scaled.jpg'><img decoding=\"async\" width=\"560\" height=\"162\" data-src=\"https:\/\/www.subaru.es\/blog\/wp-content\/uploads\/2018\/10\/PANO_20180922_094026-1-560x162.jpg\" class=\"attachment-medium size-medium lazyload\" alt=\"\" data-srcset=\"https:\/\/www.subaru.es\/blog\/wp-content\/uploads\/2018\/10\/PANO_20180922_094026-1-560x162.jpg 560w, https:\/\/www.subaru.es\/blog\/wp-content\/uploads\/2018\/10\/PANO_20180922_094026-1-1440x418.jpg 1440w, https:\/\/www.subaru.es\/blog\/wp-content\/uploads\/2018\/10\/PANO_20180922_094026-1-768x223.jpg 768w, https:\/\/www.subaru.es\/blog\/wp-content\/uploads\/2018\/10\/PANO_20180922_094026-1-1536x445.jpg 1536w, https:\/\/www.subaru.es\/blog\/wp-content\/uploads\/2018\/10\/PANO_20180922_094026-1-2048x594.jpg 2048w\" data-sizes=\"(max-width: 560px) 100vw, 560px\" src=\"data:image\/svg+xml;base64,PHN2ZyB3aWR0aD0iMSIgaGVpZ2h0PSIxIiB4bWxucz0iaHR0cDovL3d3dy53My5vcmcvMjAwMC9zdmciPjwvc3ZnPg==\" style=\"--smush-placeholder-width: 560px; --smush-placeholder-aspect-ratio: 560\/162;\" \/><\/a><\/p>\n"},"caption":{"rendered":""},"alt_text":"","media_type":"image","mime_type":"image\/jpeg","media_details":{"width":2560,"height":742,"file":"2018\/10\/PANO_20180922_094026-1-scaled.jpg","filesize":506167,"sizes":{"medium":{"file":"PANO_20180922_094026-1-560x162.jpg","width":560,"height":162,"filesize":26478,"mime_type":"image\/jpeg","source_url":"https:\/\/www.subaru.es\/blog\/wp-content\/uploads\/2018\/10\/PANO_20180922_094026-1-560x162.jpg"},"large":{"file":"PANO_20180922_094026-1-1440x418.jpg","width":1440,"height":418,"filesize":163406,"mime_type":"image\/jpeg","source_url":"https:\/\/www.subaru.es\/blog\/wp-content\/uploads\/2018\/10\/PANO_20180922_094026-1-1440x418.jpg"},"thumbnail":{"file":"PANO_20180922_094026-1-200x200.jpg","width":200,"height":200,"filesize":10906,"mime_type":"image\/jpeg","source_url":"https:\/\/www.subaru.es\/blog\/wp-content\/uploads\/2018\/10\/PANO_20180922_094026-1-200x200.jpg"},"medium_large":{"file":"PANO_20180922_094026-1-768x223.jpg","width":768,"height":223,"filesize":47585,"mime_type":"image\/jpeg","source_url":"https:\/\/www.subaru.es\/blog\/wp-content\/uploads\/2018\/10\/PANO_20180922_094026-1-768x223.jpg"},"1536x1536":{"file":"PANO_20180922_094026-1-1536x445.jpg","width":1536,"height":445,"filesize":184336,"mime_type":"image\/jpeg","source_url":"https:\/\/www.subaru.es\/blog\/wp-content\/uploads\/2018\/10\/PANO_20180922_094026-1-1536x445.jpg"},"2048x2048":{"file":"PANO_20180922_094026-1-2048x594.jpg","width":2048,"height":594,"filesize":326426,"mime_type":"image\/jpeg","source_url":"https:\/\/www.subaru.es\/blog\/wp-content\/uploads\/2018\/10\/PANO_20180922_094026-1-2048x594.jpg"},"full":{"file":"PANO_20180922_094026-1-scaled.jpg","width":2560,"height":742,"mime_type":"image\/jpeg","source_url":"https:\/\/www.subaru.es\/blog\/wp-content\/uploads\/2018\/10\/PANO_20180922_094026-1-scaled.jpg"}},"image_meta":{"aperture":"1.8","credit":"","camera":"MI 6","caption":"","created_timestamp":"1537609227","copyright":"","focal_length":"3.82","iso":"142","shutter_speed":"0.001497005988024","title":"","orientation":"1","keywords":[]},"original_image":"PANO_20180922_094026-1.jpg"},"post":19986,"source_url":"https:\/\/www.subaru.es\/blog\/wp-content\/uploads\/2018\/10\/PANO_20180922_094026-1-scaled.jpg","_links":{"self":[{"href":"https:\/\/www.subaru.es\/blog\/wp-json\/wp\/v2\/media\/20072","targetHints":{"allow":["GET"]}}],"collection":[{"href":"https:\/\/www.subaru.es\/blog\/wp-json\/wp\/v2\/media"}],"about":[{"href":"https:\/\/www.subaru.es\/blog\/wp-json\/wp\/v2\/types\/attachment"}],"author":[{"embeddable":true,"href":"https:\/\/www.subaru.es\/blog\/wp-json\/wp\/v2\/users\/21"}],"replies":[{"embeddable":true,"href":"https:\/\/www.subaru.es\/blog\/wp-json\/wp\/v2\/comments?post=20072"}],"wp:attached-to":[{"embeddable":true,"post_type":"post","id":19986,"href":"https:\/\/www.subaru.es\/blog\/wp-json\/wp\/v2\/posts\/19986"}],"curies":[{"name":"wp","href":"https:\/\/api.w.org\/{rel}","templated":true}]}}