{"id":20067,"date":"2018-10-25T12:38:12","date_gmt":"2018-10-25T10:38:12","guid":{"rendered":"https:\/\/www.subaru.es\/blog\/wp-content\/uploads\/2018\/10\/2cc1dc0d-355e-4f3e-b4aa-033703fa4238.jpg"},"modified":"2018-10-25T12:38:24","modified_gmt":"2018-10-25T10:38:24","slug":"2cc1dc0d-355e-4f3e-b4aa-033703fa4238","status":"inherit","type":"attachment","link":"https:\/\/www.subaru.es\/blog\/nuestra-marca\/kdd-subarista-pamplona-subaru\/attachment\/2cc1dc0d-355e-4f3e-b4aa-033703fa4238\/","title":{"rendered":"Subaru Pamplona"},"author":21,"featured_media":0,"comment_status":"open","ping_status":"closed","template":"","meta":{"_acf_changed":false,"_eb_attr":"","inline_featured_image":false},"class_list":["post-20067","attachment","type-attachment","status-inherit","hentry"],"acf":[],"yoast_head":"<!-- This site is optimized with the Yoast SEO plugin v27.3 - https:\/\/yoast.com\/product\/yoast-seo-wordpress\/ -->\n<title>Subaru Pamplona - Universo Subaru<\/title>\n<meta name=\"robots\" content=\"index, follow, max-snippet:-1, max-image-preview:large, max-video-preview:-1\" \/>\n<link rel=\"canonical\" href=\"https:\/\/www.subaru.es\/blog\/wp-content\/uploads\/2018\/10\/2cc1dc0d-355e-4f3e-b4aa-033703fa4238.jpg\" \/>\n<meta property=\"og:locale\" content=\"es_ES\" \/>\n<meta property=\"og:type\" content=\"article\" \/>\n<meta property=\"og:title\" content=\"Subaru Pamplona - Universo Subaru\" \/>\n<meta property=\"og:url\" content=\"https:\/\/www.subaru.es\/blog\/wp-content\/uploads\/2018\/10\/2cc1dc0d-355e-4f3e-b4aa-033703fa4238.jpg\" \/>\n<meta property=\"og:site_name\" content=\"Universo Subaru\" \/>\n<meta property=\"article:publisher\" content=\"https:\/\/www.facebook.com\/subaruespana\" \/>\n<meta property=\"article:modified_time\" content=\"2018-10-25T10:38:24+00:00\" \/>\n<meta property=\"og:image\" content=\"https:\/\/www.subaru.es\/blog\/wp-content\/uploads\/2018\/10\/2cc1dc0d-355e-4f3e-b4aa-033703fa4238.jpg\" \/>\n\t<meta property=\"og:image:width\" content=\"1600\" \/>\n\t<meta property=\"og:image:height\" content=\"1036\" \/>\n\t<meta property=\"og:image:type\" content=\"image\/jpeg\" \/>\n<meta name=\"twitter:card\" content=\"summary_large_image\" \/>\n<script type=\"application\/ld+json\" class=\"yoast-schema-graph\">{\"@context\":\"https:\\\/\\\/schema.org\",\"@graph\":[{\"@type\":\"WebPage\",\"@id\":\"https:\\\/\\\/www.subaru.es\\\/blog\\\/wp-content\\\/uploads\\\/2018\\\/10\\\/2cc1dc0d-355e-4f3e-b4aa-033703fa4238.jpg\",\"url\":\"https:\\\/\\\/www.subaru.es\\\/blog\\\/wp-content\\\/uploads\\\/2018\\\/10\\\/2cc1dc0d-355e-4f3e-b4aa-033703fa4238.jpg\",\"name\":\"Subaru Pamplona - Universo Subaru\",\"isPartOf\":{\"@id\":\"https:\\\/\\\/www.subaru.es\\\/blog\\\/#website\"},\"datePublished\":\"2018-10-25T10:38:12+00:00\",\"dateModified\":\"2018-10-25T10:38:24+00:00\",\"breadcrumb\":{\"@id\":\"https:\\\/\\\/www.subaru.es\\\/blog\\\/wp-content\\\/uploads\\\/2018\\\/10\\\/2cc1dc0d-355e-4f3e-b4aa-033703fa4238.jpg#breadcrumb\"},\"inLanguage\":\"es\",\"potentialAction\":[{\"@type\":\"ReadAction\",\"target\":[\"https:\\\/\\\/www.subaru.es\\\/blog\\\/wp-content\\\/uploads\\\/2018\\\/10\\\/2cc1dc0d-355e-4f3e-b4aa-033703fa4238.jpg\"]}]},{\"@type\":\"BreadcrumbList\",\"@id\":\"https:\\\/\\\/www.subaru.es\\\/blog\\\/wp-content\\\/uploads\\\/2018\\\/10\\\/2cc1dc0d-355e-4f3e-b4aa-033703fa4238.jpg#breadcrumb\",\"itemListElement\":[{\"@type\":\"ListItem\",\"position\":1,\"name\":\"Portada\",\"item\":\"https:\\\/\\\/www.subaru.es\\\/blog\\\/\"},{\"@type\":\"ListItem\",\"position\":2,\"name\":\"\u00a1Viva la KDD Subarista Ciudad de Pamplona! \u00a1Viva!\",\"item\":\"https:\\\/\\\/www.subaru.es\\\/blog\\\/nuestra-marca\\\/kdd-subarista-pamplona-subaru\\\/\"},{\"@type\":\"ListItem\",\"position\":3,\"name\":\"Subaru Pamplona\"}]},{\"@type\":\"WebSite\",\"@id\":\"https:\\\/\\\/www.subaru.es\\\/blog\\\/#website\",\"url\":\"https:\\\/\\\/www.subaru.es\\\/blog\\\/\",\"name\":\"Universo Subaru\",\"description\":\"Descubre este apasionante espacio de Subaru donde vas a conocer todo sobre nuestros coches y las experiencias que vivimos con ellos. Si est\u00e1s preparado para dejarte seducir por la filosof\u00eda Subaru, qu\u00e9date con nosotros.\",\"publisher\":{\"@id\":\"https:\\\/\\\/www.subaru.es\\\/blog\\\/#organization\"},\"potentialAction\":[{\"@type\":\"SearchAction\",\"target\":{\"@type\":\"EntryPoint\",\"urlTemplate\":\"https:\\\/\\\/www.subaru.es\\\/blog\\\/?s={search_term_string}\"},\"query-input\":{\"@type\":\"PropertyValueSpecification\",\"valueRequired\":true,\"valueName\":\"search_term_string\"}}],\"inLanguage\":\"es\"},{\"@type\":\"Organization\",\"@id\":\"https:\\\/\\\/www.subaru.es\\\/blog\\\/#organization\",\"name\":\"Subaru Espa\u00f1a S.A.\",\"url\":\"https:\\\/\\\/www.subaru.es\\\/blog\\\/\",\"logo\":{\"@type\":\"ImageObject\",\"inLanguage\":\"es\",\"@id\":\"https:\\\/\\\/www.subaru.es\\\/blog\\\/#\\\/schema\\\/logo\\\/image\\\/\",\"url\":\"https:\\\/\\\/www.subaru.es\\\/blog\\\/wp-content\\\/uploads\\\/2016\\\/12\\\/Logo-Subaru-TypeV_C300-scaled.jpg\",\"contentUrl\":\"https:\\\/\\\/www.subaru.es\\\/blog\\\/wp-content\\\/uploads\\\/2016\\\/12\\\/Logo-Subaru-TypeV_C300-scaled.jpg\",\"width\":2560,\"height\":1864,\"caption\":\"Subaru Espa\u00f1a S.A.\"},\"image\":{\"@id\":\"https:\\\/\\\/www.subaru.es\\\/blog\\\/#\\\/schema\\\/logo\\\/image\\\/\"},\"sameAs\":[\"https:\\\/\\\/www.facebook.com\\\/subaruespana\",\"https:\\\/\\\/www.instagram.com\\\/subarues\\\/\",\"https:\\\/\\\/www.youtube.com\\\/user\\\/subaruespana\"]}]}<\/script>\n<!-- \/ Yoast SEO plugin. -->","yoast_head_json":{"title":"Subaru Pamplona - Universo Subaru","robots":{"index":"index","follow":"follow","max-snippet":"max-snippet:-1","max-image-preview":"max-image-preview:large","max-video-preview":"max-video-preview:-1"},"canonical":"https:\/\/www.subaru.es\/blog\/wp-content\/uploads\/2018\/10\/2cc1dc0d-355e-4f3e-b4aa-033703fa4238.jpg","og_locale":"es_ES","og_type":"article","og_title":"Subaru Pamplona - Universo Subaru","og_url":"https:\/\/www.subaru.es\/blog\/wp-content\/uploads\/2018\/10\/2cc1dc0d-355e-4f3e-b4aa-033703fa4238.jpg","og_site_name":"Universo Subaru","article_publisher":"https:\/\/www.facebook.com\/subaruespana","article_modified_time":"2018-10-25T10:38:24+00:00","og_image":[{"width":1600,"height":1036,"url":"https:\/\/www.subaru.es\/blog\/wp-content\/uploads\/2018\/10\/2cc1dc0d-355e-4f3e-b4aa-033703fa4238.jpg","type":"image\/jpeg"}],"twitter_card":"summary_large_image","schema":{"@context":"https:\/\/schema.org","@graph":[{"@type":"WebPage","@id":"https:\/\/www.subaru.es\/blog\/wp-content\/uploads\/2018\/10\/2cc1dc0d-355e-4f3e-b4aa-033703fa4238.jpg","url":"https:\/\/www.subaru.es\/blog\/wp-content\/uploads\/2018\/10\/2cc1dc0d-355e-4f3e-b4aa-033703fa4238.jpg","name":"Subaru Pamplona - Universo Subaru","isPartOf":{"@id":"https:\/\/www.subaru.es\/blog\/#website"},"datePublished":"2018-10-25T10:38:12+00:00","dateModified":"2018-10-25T10:38:24+00:00","breadcrumb":{"@id":"https:\/\/www.subaru.es\/blog\/wp-content\/uploads\/2018\/10\/2cc1dc0d-355e-4f3e-b4aa-033703fa4238.jpg#breadcrumb"},"inLanguage":"es","potentialAction":[{"@type":"ReadAction","target":["https:\/\/www.subaru.es\/blog\/wp-content\/uploads\/2018\/10\/2cc1dc0d-355e-4f3e-b4aa-033703fa4238.jpg"]}]},{"@type":"BreadcrumbList","@id":"https:\/\/www.subaru.es\/blog\/wp-content\/uploads\/2018\/10\/2cc1dc0d-355e-4f3e-b4aa-033703fa4238.jpg#breadcrumb","itemListElement":[{"@type":"ListItem","position":1,"name":"Portada","item":"https:\/\/www.subaru.es\/blog\/"},{"@type":"ListItem","position":2,"name":"\u00a1Viva la KDD Subarista Ciudad de Pamplona! \u00a1Viva!","item":"https:\/\/www.subaru.es\/blog\/nuestra-marca\/kdd-subarista-pamplona-subaru\/"},{"@type":"ListItem","position":3,"name":"Subaru Pamplona"}]},{"@type":"WebSite","@id":"https:\/\/www.subaru.es\/blog\/#website","url":"https:\/\/www.subaru.es\/blog\/","name":"Universo Subaru","description":"Descubre este apasionante espacio de Subaru donde vas a conocer todo sobre nuestros coches y las experiencias que vivimos con ellos. Si est\u00e1s preparado para dejarte seducir por la filosof\u00eda Subaru, qu\u00e9date con nosotros.","publisher":{"@id":"https:\/\/www.subaru.es\/blog\/#organization"},"potentialAction":[{"@type":"SearchAction","target":{"@type":"EntryPoint","urlTemplate":"https:\/\/www.subaru.es\/blog\/?s={search_term_string}"},"query-input":{"@type":"PropertyValueSpecification","valueRequired":true,"valueName":"search_term_string"}}],"inLanguage":"es"},{"@type":"Organization","@id":"https:\/\/www.subaru.es\/blog\/#organization","name":"Subaru Espa\u00f1a S.A.","url":"https:\/\/www.subaru.es\/blog\/","logo":{"@type":"ImageObject","inLanguage":"es","@id":"https:\/\/www.subaru.es\/blog\/#\/schema\/logo\/image\/","url":"https:\/\/www.subaru.es\/blog\/wp-content\/uploads\/2016\/12\/Logo-Subaru-TypeV_C300-scaled.jpg","contentUrl":"https:\/\/www.subaru.es\/blog\/wp-content\/uploads\/2016\/12\/Logo-Subaru-TypeV_C300-scaled.jpg","width":2560,"height":1864,"caption":"Subaru Espa\u00f1a S.A."},"image":{"@id":"https:\/\/www.subaru.es\/blog\/#\/schema\/logo\/image\/"},"sameAs":["https:\/\/www.facebook.com\/subaruespana","https:\/\/www.instagram.com\/subarues\/","https:\/\/www.youtube.com\/user\/subaruespana"]}]}},"smush":{"stats":{"time":0.68,"bytes":53243,"percent":4.3,"size_before":1237523,"size_after":1184280,"lossy":1,"keep_exif":0,"api_version":"1.0"},"sizes":{"thumbnail":{"time":0.02,"bytes":1182,"percent":7.06,"size_before":16753,"size_after":15571},"medium":{"time":0.03,"bytes":4227,"percent":6.07,"size_before":69620,"size_after":65393},"medium_large":{"time":0.06,"bytes":6722,"percent":5.65,"size_before":119022,"size_after":112300},"1536x1536":{"time":0.15,"bytes":15936,"percent":4.46,"size_before":357088,"size_after":341152},"large":{"time":0.15,"bytes":14788,"percent":4.57,"size_before":323531,"size_after":308743},"full":{"time":0.27,"bytes":10388,"percent":2.96,"size_before":351509,"size_after":341121}}},"description":{"rendered":"<p class=\"attachment\"><a href='https:\/\/www.subaru.es\/blog\/wp-content\/uploads\/2018\/10\/2cc1dc0d-355e-4f3e-b4aa-033703fa4238.jpg'><img decoding=\"async\" width=\"560\" height=\"363\" data-src=\"https:\/\/www.subaru.es\/blog\/wp-content\/uploads\/2018\/10\/2cc1dc0d-355e-4f3e-b4aa-033703fa4238-560x363.jpg\" class=\"attachment-medium size-medium lazyload\" alt=\"\" data-srcset=\"https:\/\/www.subaru.es\/blog\/wp-content\/uploads\/2018\/10\/2cc1dc0d-355e-4f3e-b4aa-033703fa4238-560x363.jpg 560w, https:\/\/www.subaru.es\/blog\/wp-content\/uploads\/2018\/10\/2cc1dc0d-355e-4f3e-b4aa-033703fa4238-1440x932.jpg 1440w, https:\/\/www.subaru.es\/blog\/wp-content\/uploads\/2018\/10\/2cc1dc0d-355e-4f3e-b4aa-033703fa4238-768x497.jpg 768w, https:\/\/www.subaru.es\/blog\/wp-content\/uploads\/2018\/10\/2cc1dc0d-355e-4f3e-b4aa-033703fa4238-1536x995.jpg 1536w, https:\/\/www.subaru.es\/blog\/wp-content\/uploads\/2018\/10\/2cc1dc0d-355e-4f3e-b4aa-033703fa4238.jpg 1600w\" data-sizes=\"(max-width: 560px) 100vw, 560px\" src=\"data:image\/svg+xml;base64,PHN2ZyB3aWR0aD0iMSIgaGVpZ2h0PSIxIiB4bWxucz0iaHR0cDovL3d3dy53My5vcmcvMjAwMC9zdmciPjwvc3ZnPg==\" style=\"--smush-placeholder-width: 560px; --smush-placeholder-aspect-ratio: 560\/363;\" \/><\/a><\/p>\n"},"caption":{"rendered":""},"alt_text":"","media_type":"image","mime_type":"image\/jpeg","media_details":{"width":1600,"height":1036,"file":"2018\/10\/2cc1dc0d-355e-4f3e-b4aa-033703fa4238.jpg","filesize":351509,"sizes":{"medium":{"file":"2cc1dc0d-355e-4f3e-b4aa-033703fa4238-560x363.jpg","width":560,"height":363,"filesize":69620,"mime_type":"image\/jpeg","source_url":"https:\/\/www.subaru.es\/blog\/wp-content\/uploads\/2018\/10\/2cc1dc0d-355e-4f3e-b4aa-033703fa4238-560x363.jpg"},"large":{"file":"2cc1dc0d-355e-4f3e-b4aa-033703fa4238-1440x932.jpg","width":1440,"height":932,"filesize":323531,"mime_type":"image\/jpeg","source_url":"https:\/\/www.subaru.es\/blog\/wp-content\/uploads\/2018\/10\/2cc1dc0d-355e-4f3e-b4aa-033703fa4238-1440x932.jpg"},"thumbnail":{"file":"2cc1dc0d-355e-4f3e-b4aa-033703fa4238-200x200.jpg","width":200,"height":200,"filesize":16753,"mime_type":"image\/jpeg","source_url":"https:\/\/www.subaru.es\/blog\/wp-content\/uploads\/2018\/10\/2cc1dc0d-355e-4f3e-b4aa-033703fa4238-200x200.jpg"},"medium_large":{"file":"2cc1dc0d-355e-4f3e-b4aa-033703fa4238-768x497.jpg","width":768,"height":497,"filesize":119022,"mime_type":"image\/jpeg","source_url":"https:\/\/www.subaru.es\/blog\/wp-content\/uploads\/2018\/10\/2cc1dc0d-355e-4f3e-b4aa-033703fa4238-768x497.jpg"},"1536x1536":{"file":"2cc1dc0d-355e-4f3e-b4aa-033703fa4238-1536x995.jpg","width":1536,"height":995,"filesize":357088,"mime_type":"image\/jpeg","source_url":"https:\/\/www.subaru.es\/blog\/wp-content\/uploads\/2018\/10\/2cc1dc0d-355e-4f3e-b4aa-033703fa4238-1536x995.jpg"},"full":{"file":"2cc1dc0d-355e-4f3e-b4aa-033703fa4238.jpg","width":1600,"height":1036,"mime_type":"image\/jpeg","source_url":"https:\/\/www.subaru.es\/blog\/wp-content\/uploads\/2018\/10\/2cc1dc0d-355e-4f3e-b4aa-033703fa4238.jpg"}},"image_meta":{"aperture":"0","credit":"","camera":"","caption":"","created_timestamp":"0","copyright":"","focal_length":"0","iso":"0","shutter_speed":"0","title":"","orientation":"0","keywords":[]}},"post":19986,"source_url":"https:\/\/www.subaru.es\/blog\/wp-content\/uploads\/2018\/10\/2cc1dc0d-355e-4f3e-b4aa-033703fa4238.jpg","_links":{"self":[{"href":"https:\/\/www.subaru.es\/blog\/wp-json\/wp\/v2\/media\/20067","targetHints":{"allow":["GET"]}}],"collection":[{"href":"https:\/\/www.subaru.es\/blog\/wp-json\/wp\/v2\/media"}],"about":[{"href":"https:\/\/www.subaru.es\/blog\/wp-json\/wp\/v2\/types\/attachment"}],"author":[{"embeddable":true,"href":"https:\/\/www.subaru.es\/blog\/wp-json\/wp\/v2\/users\/21"}],"replies":[{"embeddable":true,"href":"https:\/\/www.subaru.es\/blog\/wp-json\/wp\/v2\/comments?post=20067"}],"wp:attached-to":[{"embeddable":true,"post_type":"post","id":19986,"href":"https:\/\/www.subaru.es\/blog\/wp-json\/wp\/v2\/posts\/19986"}],"curies":[{"name":"wp","href":"https:\/\/api.w.org\/{rel}","templated":true}]}}